{"id":14,"date":"2024-06-09T16:24:11","date_gmt":"2024-06-09T14:24:11","guid":{"rendered":"https:\/\/aiiro.paris\/?page_id=14"},"modified":"2026-01-17T08:03:34","modified_gmt":"2026-01-17T07:03:34","slug":"accueil","status":"publish","type":"page","link":"https:\/\/aiiro.paris\/","title":{"rendered":"Accueil"},"content":{"rendered":"<p>[et_pb_section fb_built=\u00a0\u00bb1&Prime; module_id=\u00a0\u00bbaccueil\u00a0\u00bb _builder_version=\u00a0\u00bb4.25.1&Prime; _module_preset=\u00a0\u00bbdefault\u00a0\u00bb use_background_color_gradient=\u00a0\u00bbon\u00a0\u00bb background_color_gradient_direction=\u00a0\u00bb181deg\u00a0\u00bb background_color_gradient_stops=\u00a0\u00bbrgba(255, 255, 255, 0) 7%|rgba(255,255,255,0) 62%|rgba(103, 117, 188, 0.62) 100%|#091f92 100%\u00a0\u00bb background_color_gradient_overlays_image=\u00a0\u00bbon\u00a0\u00bb background_image=\u00a0\u00bbhttps:\/\/aiiro.paris\/wp-content\/uploads\/2024\/06\/oriento-dPUWgZLsOk8-unsplash-1-scaled.jpg\u00a0\u00bb parallax=\u00a0\u00bbon\u00a0\u00bb custom_margin=\u00a0\u00bb||46px|||\u00a0\u00bb custom_padding=\u00a0\u00bb4px|||||\u00a0\u00bb global_colors_info=\u00a0\u00bb{}\u00a0\u00bb][et_pb_row _builder_version=\u00a0\u00bb4.25.1&Prime; _module_preset=\u00a0\u00bbdefault\u00a0\u00bb min_height=\u00a0\u00bb778.2px\u00a0\u00bb global_colors_info=\u00a0\u00bb{}\u00a0\u00bb][et_pb_column type=\u00a0\u00bb4_4&Prime; _builder_version=\u00a0\u00bb4.25.1&Prime; _module_preset=\u00a0\u00bbdefault\u00a0\u00bb global_colors_info=\u00a0\u00bb{}\u00a0\u00bb][et_pb_image src=\u00a0\u00bbhttps:\/\/aiiro.paris\/wp-content\/uploads\/2026\/01\/AiiRO-Logo-Francais-Blanc.png\u00a0\u00bb alt=\u00a0\u00bbLogo AiiRO\u00a0\u00bb title_text=\u00a0\u00bbAiiRO &#8211; Logo &#8211; Fran\u00e7ais &#8211; Blanc\u00a0\u00bb align=\u00a0\u00bbcenter\u00a0\u00bb _builder_version=\u00a0\u00bb4.26.0&Prime; _module_preset=\u00a0\u00bbdefault\u00a0\u00bb width=\u00a0\u00bb21%\u00a0\u00bb max_width=\u00a0\u00bb46%\u00a0\u00bb hover_enabled=\u00a0\u00bb0&Prime; global_colors_info=\u00a0\u00bb{}\u00a0\u00bb width_last_edited=\u00a0\u00bbon|phone\u00a0\u00bb sticky_enabled=\u00a0\u00bb0&Prime; width_phone=\u00a0\u00bb50%\u00a0\u00bb max_width_last_edited=\u00a0\u00bbon|phone\u00a0\u00bb max_width_phone=\u00a0\u00bb70%\u00a0\u00bb width_tablet=\u00a0\u00bb21%\u00a0\u00bb max_width_tablet=\u00a0\u00bb46%\u00a0\u00bb][\/et_pb_image][et_pb_text _builder_version=\u00a0\u00bb4.26.0&Prime; _module_preset=\u00a0\u00bbd72c0383-6487-4f2c-ac5c-7d48a6376757&Prime; text_font=\u00a0\u00bb&#8211;et_global_heading_font|500|||||||\u00a0\u00bb text_text_color=\u00a0\u00bb#091F92&Prime; text_font_size=\u00a0\u00bb35px\u00a0\u00bb text_line_height=\u00a0\u00bb1.2em\u00a0\u00bb header_font=\u00a0\u00bbPlayfair Display|500|||||||\u00a0\u00bb header_text_color=\u00a0\u00bb#FFFFFF\u00a0\u00bb header_font_size=\u00a0\u00bb37px\u00a0\u00bb header_line_height=\u00a0\u00bb1.5em\u00a0\u00bb width=\u00a0\u00bb57.3%\u00a0\u00bb max_width=\u00a0\u00bb100%\u00a0\u00bb module_alignment=\u00a0\u00bbcenter\u00a0\u00bb custom_margin=\u00a0\u00bb171px|2px|21px|||\u00a0\u00bb header_font_size_tablet=\u00a0\u00bb36px\u00a0\u00bb header_font_size_phone=\u00a0\u00bb26px\u00a0\u00bb header_font_size_last_edited=\u00a0\u00bbon|desktop\u00a0\u00bb locked=\u00a0\u00bboff\u00a0\u00bb global_colors_info=\u00a0\u00bb{}\u00a0\u00bb]<\/p>\n<h1 style=\"text-align: center;\">Savourez l\u2019Alliance du Savoir-Faire Fran\u00e7ais et de la Tradition Japonaise.<\/h1>\n<p>[\/et_pb_text][et_pb_text _builder_version=\u00a0\u00bb4.25.1&Prime; _module_preset=\u00a0\u00bb4deaa1a6-d0cd-49d0-ada3-8dc22addd086&Prime; text_font=\u00a0\u00bb&#8211;et_global_body_font|500|||||||\u00a0\u00bb text_text_color=\u00a0\u00bb#FFFFFF\u00a0\u00bb text_font_size=\u00a0\u00bb16px\u00a0\u00bb text_line_height=\u00a0\u00bb1.5em\u00a0\u00bb header_4_font=\u00a0\u00bbArchivo|600|||||||\u00a0\u00bb header_4_text_color=\u00a0\u00bb#D44700&Prime; header_4_font_size=\u00a0\u00bb30px\u00a0\u00bb header_4_letter_spacing=\u00a0\u00bb0.06em\u00a0\u00bb header_4_line_height=\u00a0\u00bb1.3em\u00a0\u00bb width=\u00a0\u00bb54%\u00a0\u00bb max_width=\u00a0\u00bb100%\u00a0\u00bb module_alignment=\u00a0\u00bbcenter\u00a0\u00bb header_4_font_size_tablet=\u00a0\u00bb16px\u00a0\u00bb header_4_font_size_phone=\u00a0\u00bb13px\u00a0\u00bb header_4_font_size_last_edited=\u00a0\u00bbon|tablet\u00a0\u00bb locked=\u00a0\u00bboff\u00a0\u00bb global_colors_info=\u00a0\u00bb{}\u00a0\u00bb]<\/p>\n<p style=\"text-align: justify;\">Une aventure culinaire franco-japonaise fusionnant le savoir-faire, les produits du terroir et la richesse culturelle de la France et du Japon, sublim\u00e9e par l&rsquo;art du th\u00e9 japonais.<\/p>\n<p>[\/et_pb_text][\/et_pb_column][\/et_pb_row][\/et_pb_section][et_pb_section fb_built=\u00a0\u00bb1&Prime; admin_label=\u00a0\u00bbAbout\u00a0\u00bb module_id=\u00a0\u00bbNotreProjet\u00a0\u00bb _builder_version=\u00a0\u00bb4.25.1&Prime; _module_preset=\u00a0\u00bbdefault\u00a0\u00bb use_background_color_gradient=\u00a0\u00bbon\u00a0\u00bb background_color_gradient_direction=\u00a0\u00bb360deg\u00a0\u00bb background_color_gradient_stops=\u00a0\u00bbrgba(255,255,255,0) 68%|rgba(9,31,146,0) 100%\u00a0\u00bb background_color_gradient_overlays_image=\u00a0\u00bbon\u00a0\u00bb background_image=\u00a0\u00bbhttps:\/\/aiiro.paris\/wp-content\/uploads\/2024\/06\/Copie-de-Banniere-.jpg\u00a0\u00bb background_position=\u00a0\u00bbbottom_center\u00a0\u00bb custom_margin=\u00a0\u00bb-47px|||||\u00a0\u00bb custom_padding=\u00a0\u00bb0px||80px|||\u00a0\u00bb top_divider_height=\u00a0\u00bb1.3vw\u00a0\u00bb top_divider_repeat=\u00a0\u00bb3x\u00a0\u00bb top_divider_arrangement=\u00a0\u00bbabove_content\u00a0\u00bb global_colors_info=\u00a0\u00bb{}\u00a0\u00bb][et_pb_row column_structure=\u00a0\u00bb1_2,1_2&Prime; use_custom_gutter=\u00a0\u00bbon\u00a0\u00bb gutter_width=\u00a0\u00bb1&Prime; _builder_version=\u00a0\u00bb4.25.1&Prime; _module_preset=\u00a0\u00bbdefault\u00a0\u00bb custom_margin=\u00a0\u00bb0px||||false|false\u00a0\u00bb custom_padding=\u00a0\u00bb136px||0px|||\u00a0\u00bb global_colors_info=\u00a0\u00bb{}\u00a0\u00bb][et_pb_column type=\u00a0\u00bb1_2&Prime; _builder_version=\u00a0\u00bb4.25.1&Prime; _module_preset=\u00a0\u00bbdefault\u00a0\u00bb background_color=\u00a0\u00bbRGBA(255,255,255,0)\u00a0\u00bb custom_padding=\u00a0\u00bb90px|60px|9%|60px|false|true\u00a0\u00bb custom_padding_tablet=\u00a0\u00bb90px|30px|16%|30px|false|true\u00a0\u00bb custom_padding_phone=\u00a0\u00bb|20px||20px|false|true\u00a0\u00bb custom_padding_last_edited=\u00a0\u00bbon|phone\u00a0\u00bb border_color_right=\u00a0\u00bbRGBA(255,255,255,0)\u00a0\u00bb global_colors_info=\u00a0\u00bb{}\u00a0\u00bb][et_pb_text _builder_version=\u00a0\u00bb4.25.1&Prime; _module_preset=\u00a0\u00bb32021f09-dd67-47fb-8f9a-832b72a38baf\u00a0\u00bb text_text_color=\u00a0\u00bb#091F92&Prime; text_font_size=\u00a0\u00bb26px\u00a0\u00bb header_font=\u00a0\u00bbPlayfair Display|300|||||||\u00a0\u00bb header_text_color=\u00a0\u00bb#091F92&Prime; header_font_size=\u00a0\u00bb35px\u00a0\u00bb header_line_height=\u00a0\u00bb1.5em\u00a0\u00bb header_2_font=\u00a0\u00bbArchivo|600|||||||\u00a0\u00bb header_2_text_color=\u00a0\u00bb#D44700&Prime; header_2_font_size=\u00a0\u00bb60px\u00a0\u00bb header_2_line_height=\u00a0\u00bb1.15em\u00a0\u00bb width=\u00a0\u00bb84.5%\u00a0\u00bb min_height=\u00a0\u00bb76px\u00a0\u00bb custom_margin=\u00a0\u00bb-37px|79px|0px||false|false\u00a0\u00bb custom_padding=\u00a0\u00bb48px|3px|0px|||\u00a0\u00bb header_2_font_size_tablet=\u00a0\u00bb26px\u00a0\u00bb header_2_font_size_phone=\u00a0\u00bb18px\u00a0\u00bb header_2_font_size_last_edited=\u00a0\u00bbon|tablet\u00a0\u00bb locked=\u00a0\u00bboff\u00a0\u00bb global_colors_info=\u00a0\u00bb{}\u00a0\u00bb]<\/p>\n<h1>D\u00e9couvrez un Projet Culinaire d&rsquo;Exception<\/h1>\n<p>[\/et_pb_text][et_pb_image src=\u00a0\u00bbhttps:\/\/aiiro.paris\/wp-content\/uploads\/2024\/06\/Design-sans-titre.png\u00a0\u00bb alt=\u00a0\u00bbAiiRO &#8211; Teapot drawing\u00a0\u00bb title_text=\u00a0\u00bbDesign sans titre\u00a0\u00bb _builder_version=\u00a0\u00bb4.25.1&Prime; _module_preset=\u00a0\u00bbdefault\u00a0\u00bb width=\u00a0\u00bb71%\u00a0\u00bb module_alignment=\u00a0\u00bbleft\u00a0\u00bb global_colors_info=\u00a0\u00bb{}\u00a0\u00bb][\/et_pb_image][\/et_pb_column][et_pb_column type=\u00a0\u00bb1_2&Prime; _builder_version=\u00a0\u00bb4.25.1&Prime; _module_preset=\u00a0\u00bbdefault\u00a0\u00bb background_color=\u00a0\u00bb#E0C696&Prime; use_background_color_gradient=\u00a0\u00bbon\u00a0\u00bb background_color_gradient_stops=\u00a0\u00bbrgba(255,255,255,0.58) 0%|rgba(255, 255, 255, 0.86) 35%|rgba(255,255,255,0.88) 71%|rgba(255,255,255,0.48) 97%\u00a0\u00bb background_color_gradient_overlays_image=\u00a0\u00bbon\u00a0\u00bb background_image=\u00a0\u00bbhttps:\/\/aiiro.paris\/wp-content\/uploads\/2024\/06\/alice-pasqual-v1OW17UcR-Q-unsplash-scaled.jpg\u00a0\u00bb parallax=\u00a0\u00bbon\u00a0\u00bb custom_padding=\u00a0\u00bb125px|60px|125px|60px|false|true\u00a0\u00bb custom_padding_tablet=\u00a0\u00bb30px|30px|30px|30px|true|true\u00a0\u00bb custom_padding_phone=\u00a0\u00bb|20px||20px|true|true\u00a0\u00bb custom_padding_last_edited=\u00a0\u00bbon|phone\u00a0\u00bb global_colors_info=\u00a0\u00bb{}\u00a0\u00bb][et_pb_text _builder_version=\u00a0\u00bb4.25.1&Prime; _module_preset=\u00a0\u00bb16a54059-cc81-4572-9c70-eda6a6c419bf\u00a0\u00bb text_font=\u00a0\u00bb&#8211;et_global_body_font|500|||||||\u00a0\u00bb text_text_color=\u00a0\u00bb#0a0000&Prime; text_font_size=\u00a0\u00bb16px\u00a0\u00bb text_line_height=\u00a0\u00bb1.9em\u00a0\u00bb width=\u00a0\u00bb96%\u00a0\u00bb max_width=\u00a0\u00bb100%\u00a0\u00bb module_alignment=\u00a0\u00bbcenter\u00a0\u00bb custom_margin=\u00a0\u00bb0.2%|-96px|0.2%||true|false\u00a0\u00bb custom_padding=\u00a0\u00bb|38px||32px||\u00a0\u00bb text_font_size_tablet=\u00a0\u00bb15px\u00a0\u00bb text_font_size_phone=\u00a0\u00bb14px\u00a0\u00bb text_font_size_last_edited=\u00a0\u00bbon|phone\u00a0\u00bb header_font_size_tablet=\u00a0\u00bb55px\u00a0\u00bb header_font_size_last_edited=\u00a0\u00bboff|desktop\u00a0\u00bb global_colors_info=\u00a0\u00bb{}\u00a0\u00bb]<\/p>\n<p style=\"text-align: justify;\">Nous avons l&rsquo;immense plaisir et l&rsquo;honneur de vous inviter \u00e0 d\u00e9couvrir notre nouvelle aventure gastronomique franco-japonaise, AiiRO, centr\u00e9e autour du th\u00e9 japonais. Ce projet unique fusionne le savoir-faire, les produits du terroir et la richesse culturelle de la France et du Japon.<\/p>\n<p style=\"text-align: justify;\">Plongez dans un univers de saveurs in\u00e9dites avec nos boissons exclusives, chaudes et froides, toutes \u00e0 base de th\u00e9 japonais.<\/p>\n<p style=\"text-align: justify;\">Laissez-vous s\u00e9duire par nos p\u00e2tisseries innovantes, m\u00ealant tradition et cr\u00e9ativit\u00e9.<\/p>\n<p style=\"text-align: justify;\">Savourez nos d\u00e9licieuses cr\u00e9ations sal\u00e9es, sublim\u00e9es par les ar\u00f4mes d\u00e9licats du th\u00e9 japonais.<\/p>\n<p>[\/et_pb_text][\/et_pb_column][\/et_pb_row][\/et_pb_section][et_pb_section fb_built=\u00a0\u00bb1&Prime; module_id=\u00a0\u00bbActu\u00a0\u00bb _builder_version=\u00a0\u00bb4.25.1&Prime; _module_preset=\u00a0\u00bbdefault\u00a0\u00bb background_image=\u00a0\u00bbhttps:\/\/aiiro.paris\/wp-content\/uploads\/2024\/06\/4.jpg\u00a0\u00bb parallax=\u00a0\u00bbon\u00a0\u00bb custom_margin=\u00a0\u00bb-1px|||||\u00a0\u00bb global_colors_info=\u00a0\u00bb{}\u00a0\u00bb][et_pb_row _builder_version=\u00a0\u00bb4.25.1&Prime; _module_preset=\u00a0\u00bbdefault\u00a0\u00bb global_colors_info=\u00a0\u00bb{}\u00a0\u00bb][et_pb_column type=\u00a0\u00bb4_4&Prime; _builder_version=\u00a0\u00bb4.25.1&Prime; _module_preset=\u00a0\u00bbdefault\u00a0\u00bb global_colors_info=\u00a0\u00bb{}\u00a0\u00bb][et_pb_text _builder_version=\u00a0\u00bb4.25.1&Prime; _module_preset=\u00a0\u00bbdefault\u00a0\u00bb text_font=\u00a0\u00bbPlayfair Display||||||||\u00a0\u00bb text_text_color=\u00a0\u00bb#FFFFFF\u00a0\u00bb text_font_size=\u00a0\u00bb34px\u00a0\u00bb text_line_height=\u00a0\u00bb1.2em\u00a0\u00bb header_font=\u00a0\u00bbPlayfair Display||||||||\u00a0\u00bb header_text_color=\u00a0\u00bb#091F92&Prime; width=\u00a0\u00bb99%\u00a0\u00bb global_colors_info=\u00a0\u00bb{}\u00a0\u00bb]<\/p>\n<p style=\"text-align: center;\">Nos actualit\u00e9s<\/p>\n<p>[\/et_pb_text][\/et_pb_column][\/et_pb_row][et_pb_row column_structure=\u00a0\u00bb1_2,1_2&Prime; _builder_version=\u00a0\u00bb4.25.1&Prime; _module_preset=\u00a0\u00bbdefault\u00a0\u00bb global_colors_info=\u00a0\u00bb{}\u00a0\u00bb][et_pb_column type=\u00a0\u00bb1_2&Prime; _builder_version=\u00a0\u00bb4.25.1&Prime; _module_preset=\u00a0\u00bbdefault\u00a0\u00bb background_color=\u00a0\u00bbrgba(255,255,255,0.63)\u00a0\u00bb custom_padding=\u00a0\u00bb40px|45px|40px|45px|false|false\u00a0\u00bb global_colors_info=\u00a0\u00bb{}\u00a0\u00bb][et_pb_image src=\u00a0\u00bbhttps:\/\/aiiro.paris\/wp-content\/uploads\/2024\/06\/sophie-augustin-MrvVW4sizfw-unsplash-scaled.jpg\u00a0\u00bb alt=\u00a0\u00bbAiiRO &#8211; Paris view\u00a0\u00bb title_text=\u00a0\u00bbAiiRO &#8211; Paris view\u00a0\u00bb _builder_version=\u00a0\u00bb4.25.1&Prime; _module_preset=\u00a0\u00bbdefault\u00a0\u00bb global_colors_info=\u00a0\u00bb{}\u00a0\u00bb][\/et_pb_image][et_pb_text _builder_version=\u00a0\u00bb4.25.1&Prime; _module_preset=\u00a0\u00bbdefault\u00a0\u00bb text_font=\u00a0\u00bbPlayfair Display||||||||\u00a0\u00bb text_text_color=\u00a0\u00bb#091F92&Prime; text_font_size=\u00a0\u00bb28px\u00a0\u00bb text_line_height=\u00a0\u00bb1.2em\u00a0\u00bb header_font=\u00a0\u00bbPlayfair Display|300|||||||\u00a0\u00bb header_text_color=\u00a0\u00bb#FFFFFF\u00a0\u00bb header_font_size=\u00a0\u00bb35px\u00a0\u00bb header_line_height=\u00a0\u00bb1.5em\u00a0\u00bb header_2_font=\u00a0\u00bbArchivo|600|||||||\u00a0\u00bb header_2_text_color=\u00a0\u00bb#D44700&Prime; header_2_font_size=\u00a0\u00bb60px\u00a0\u00bb header_2_line_height=\u00a0\u00bb1.15em\u00a0\u00bb width=\u00a0\u00bb92%\u00a0\u00bb header_2_font_size_tablet=\u00a0\u00bb26px\u00a0\u00bb header_2_font_size_phone=\u00a0\u00bb18px\u00a0\u00bb header_2_font_size_last_edited=\u00a0\u00bbon|tablet\u00a0\u00bb global_colors_info=\u00a0\u00bb{}\u00a0\u00bb]<\/p>\n<p>Le premier salon de th\u00e9 AiiRO ouvrira ses portes \u00e0 Paris.<\/p>\n<p>[\/et_pb_text][et_pb_text _builder_version=\u00a0\u00bb4.25.1&Prime; _module_preset=\u00a0\u00bbdefault\u00a0\u00bb text_font=\u00a0\u00bb&#8211;et_global_body_font||||||||\u00a0\u00bb text_text_color=\u00a0\u00bb#0A0000&Prime; text_font_size=\u00a0\u00bb16px\u00a0\u00bb header_font=\u00a0\u00bb&#8211;et_global_body_font||||||||\u00a0\u00bb header_text_color=\u00a0\u00bb#091F92&Prime; header_font_size=\u00a0\u00bb25px\u00a0\u00bb max_width=\u00a0\u00bb100%\u00a0\u00bb global_colors_info=\u00a0\u00bb{}\u00a0\u00bb]<\/p>\n<p style=\"text-align: justify;\">Notre salon de th\u00e9 ouvrira bient\u00f4t ses portes au c\u0153ur de Paris.<\/p>\n<p style=\"text-align: justify;\">Suivez-nous pour \u00eatre inform\u00e9 de son ouverture et pr\u00e9parez-vous \u00e0 une exp\u00e9rience culinaire inoubliable, o\u00f9 chaque d\u00e9gustation est une invitation au voyage.<\/p>\n<p>[\/et_pb_text][\/et_pb_column][et_pb_column type=\u00a0\u00bb1_2&Prime; _builder_version=\u00a0\u00bb4.25.1&Prime; _module_preset=\u00a0\u00bbdefault\u00a0\u00bb background_color=\u00a0\u00bbrgba(255,255,255,0.63)\u00a0\u00bb custom_padding=\u00a0\u00bb40px|45px|40px|45px|false|false\u00a0\u00bb global_colors_info=\u00a0\u00bb{}\u00a0\u00bb][et_pb_image src=\u00a0\u00bbhttps:\/\/aiiro.paris\/wp-content\/uploads\/2024\/06\/unesco.jpg\u00a0\u00bb alt=\u00a0\u00bbUNESCO Paris\u00a0\u00bb title_text=\u00a0\u00bbUNESCO Paris\u00a0\u00bb _builder_version=\u00a0\u00bb4.25.1&Prime; _module_preset=\u00a0\u00bbdefault\u00a0\u00bb global_colors_info=\u00a0\u00bb{}\u00a0\u00bb][\/et_pb_image][et_pb_text _builder_version=\u00a0\u00bb4.25.1&Prime; _module_preset=\u00a0\u00bbdefault\u00a0\u00bb text_font=\u00a0\u00bbPlayfair Display||||||||\u00a0\u00bb text_text_color=\u00a0\u00bb#091F92&Prime; text_font_size=\u00a0\u00bb28px\u00a0\u00bb text_line_height=\u00a0\u00bb1.2em\u00a0\u00bb header_font=\u00a0\u00bbPlayfair Display||||||||\u00a0\u00bb header_text_color=\u00a0\u00bb#091F92&Prime; header_font_size=\u00a0\u00bb26px\u00a0\u00bb width=\u00a0\u00bb92%\u00a0\u00bb global_colors_info=\u00a0\u00bb{}\u00a0\u00bb]<\/p>\n<p>AiiRO repr\u00e9sente le Japon \u00e0 l&rsquo;UNESCO.<\/p>\n<p>[\/et_pb_text][et_pb_text _builder_version=\u00a0\u00bb4.25.1&Prime; _module_preset=\u00a0\u00bbdefault\u00a0\u00bb text_font=\u00a0\u00bb&#8211;et_global_body_font||||||||\u00a0\u00bb text_text_color=\u00a0\u00bb#0A0000&Prime; text_font_size=\u00a0\u00bb16px\u00a0\u00bb text_line_height=\u00a0\u00bb1.5em\u00a0\u00bb header_font=\u00a0\u00bb&#8211;et_global_heading_font||||||||\u00a0\u00bb header_text_color=\u00a0\u00bb#664C40&Prime; header_font_size=\u00a0\u00bb25px\u00a0\u00bb max_width=\u00a0\u00bb100%\u00a0\u00bb global_colors_info=\u00a0\u00bb{}\u00a0\u00bb]<\/p>\n<p style=\"text-align: justify;\">Nous avons l&rsquo;honneur de repr\u00e9senter le Japon \u00e0 l&rsquo;UNESCO le 10 juin 2024.<\/p>\n<p style=\"text-align: justify;\">Nous remercions chaleureusement la D\u00e9l\u00e9gation Permanente du Japon aupr\u00e8s de l&rsquo;UNESCO et particuli\u00e8rement Monsieur l&rsquo;Ambassadeur Kano pour leur confiance.<\/p>\n<p>[\/et_pb_text][\/et_pb_column][\/et_pb_row][\/et_pb_section][et_pb_section fb_built=\u00a0\u00bb1&Prime; admin_label=\u00a0\u00bbMenu\u00a0\u00bb module_id=\u00a0\u00bbcreations\u00a0\u00bb _builder_version=\u00a0\u00bb4.25.1&Prime; _module_preset=\u00a0\u00bbdefault\u00a0\u00bb global_colors_info=\u00a0\u00bb{}\u00a0\u00bb][et_pb_row _builder_version=\u00a0\u00bb4.16&Prime; _module_preset=\u00a0\u00bbdefault\u00a0\u00bb global_colors_info=\u00a0\u00bb{}\u00a0\u00bb][et_pb_column type=\u00a0\u00bb4_4&Prime; _builder_version=\u00a0\u00bb4.16&Prime; _module_preset=\u00a0\u00bbdefault\u00a0\u00bb global_colors_info=\u00a0\u00bb{}\u00a0\u00bb][et_pb_text _builder_version=\u00a0\u00bb4.25.1&Prime; _module_preset=\u00a0\u00bbdefault\u00a0\u00bb text_font=\u00a0\u00bbPlayfair Display||||||||\u00a0\u00bb text_text_color=\u00a0\u00bb#091F92&Prime; text_font_size=\u00a0\u00bb34px\u00a0\u00bb text_line_height=\u00a0\u00bb1.2em\u00a0\u00bb header_font=\u00a0\u00bbPlayfair Display||||||||\u00a0\u00bb header_text_color=\u00a0\u00bb#091F92&Prime; width=\u00a0\u00bb92%\u00a0\u00bb global_colors_info=\u00a0\u00bb{}\u00a0\u00bb]<\/p>\n<p>D\u00e9couvrez les cr\u00e9ations AiiRO.<\/p>\n<p>[\/et_pb_text][et_pb_text _builder_version=\u00a0\u00bb4.25.1&Prime; _module_preset=\u00a0\u00bb3a5fa9a7-7987-4564-89a5-37b87a5b6ad8&Prime; text_font=\u00a0\u00bb&#8211;et_global_body_font||||||||\u00a0\u00bb text_text_color=\u00a0\u00bb#664C40&Prime; text_font_size=\u00a0\u00bb18px\u00a0\u00bb header_font=\u00a0\u00bb||||||||\u00a0\u00bb header_3_font=\u00a0\u00bbArchivo|600|||||||\u00a0\u00bb header_3_text_color=\u00a0\u00bb#D44700&Prime; header_3_font_size=\u00a0\u00bb30px\u00a0\u00bb header_3_line_height=\u00a0\u00bb1.4em\u00a0\u00bb width=\u00a0\u00bb88.8%\u00a0\u00bb max_width_tablet=\u00a0\u00bb100%\u00a0\u00bb max_width_phone=\u00a0\u00bb100%\u00a0\u00bb max_width_last_edited=\u00a0\u00bboff|desktop\u00a0\u00bb custom_margin_tablet=\u00a0\u00bb40px||||false|false\u00a0\u00bb custom_margin_phone=\u00a0\u00bb20px||||false|false\u00a0\u00bb custom_margin_last_edited=\u00a0\u00bboff|desktop\u00a0\u00bb header_3_font_size_tablet=\u00a0\u00bb18px\u00a0\u00bb header_3_font_size_phone=\u00a0\u00bb15px\u00a0\u00bb header_3_font_size_last_edited=\u00a0\u00bbon|tablet\u00a0\u00bb global_colors_info=\u00a0\u00bb{}\u00a0\u00bb]<\/p>\n<p style=\"text-align: justify;\">Pr\u00e9parez-vous \u00e0 \u00eatre \u00e9merveill\u00e9 par les cr\u00e9ations uniques de notre chef p\u00e2tissier Jonathan Bonneh, toutes \u00e0 base de th\u00e9 japonais.<\/p>\n<p>[\/et_pb_text][\/et_pb_column][\/et_pb_row][et_pb_row column_structure=\u00a0\u00bb1_3,1_3,1_3&Prime; _builder_version=\u00a0\u00bb4.16&Prime; _module_preset=\u00a0\u00bbdefault\u00a0\u00bb global_colors_info=\u00a0\u00bb{}\u00a0\u00bb][et_pb_column type=\u00a0\u00bb1_3&Prime; _builder_version=\u00a0\u00bb4.16&Prime; _module_preset=\u00a0\u00bbdefault\u00a0\u00bb global_colors_info=\u00a0\u00bb{}\u00a0\u00bb][et_pb_image src=\u00a0\u00bbhttps:\/\/aiiro.paris\/wp-content\/uploads\/2024\/06\/1-1.jpg\u00a0\u00bb alt=\u00a0\u00bbAiiRO &#8211; Th\u00e9 Glac\u00e9 Genmai-Cha au Citron Yuzu\u00a0\u00bb title_text=\u00a0\u00bbAiiRO &#8211; Th\u00e9 Glac\u00e9 Genmai-Cha au Citron Yuzu\u00a0\u00bb _builder_version=\u00a0\u00bb4.25.1&Prime; _module_preset=\u00a0\u00bbdefault\u00a0\u00bb background_image=\u00a0\u00bbhttps:\/\/aiiro.paris\/wp-content\/uploads\/2024\/06\/1-1.jpg\u00a0\u00bb parallax=\u00a0\u00bbon\u00a0\u00bb global_colors_info=\u00a0\u00bb{}\u00a0\u00bb][\/et_pb_image][et_pb_text _builder_version=\u00a0\u00bb4.25.1&Prime; _module_preset=\u00a0\u00bb1d866de3-b108-4c5f-bed3-2da9506a6915&Prime; text_font=\u00a0\u00bb&#8211;et_global_body_font||||||||\u00a0\u00bb header_font=\u00a0\u00bb||||||||\u00a0\u00bb header_4_font=\u00a0\u00bbRoboto Mono|600||on|||||\u00a0\u00bb header_4_font_size=\u00a0\u00bb14px\u00a0\u00bb header_4_letter_spacing=\u00a0\u00bb2px\u00a0\u00bb header_4_line_height=\u00a0\u00bb1.7em\u00a0\u00bb custom_margin=\u00a0\u00bb||0px||false|false\u00a0\u00bb header_4_font_size_tablet=\u00a0\u00bb12px\u00a0\u00bb header_4_font_size_phone=\u00a0\u00bb12px\u00a0\u00bb header_4_font_size_last_edited=\u00a0\u00bbon|tablet\u00a0\u00bb global_colors_info=\u00a0\u00bb{}\u00a0\u00bb]<\/p>\n<p>Th\u00e9 Glac\u00e9 Genmai-Cha au Citron Yuzu<\/p>\n<p>[\/et_pb_text][\/et_pb_column][et_pb_column type=\u00a0\u00bb1_3&Prime; _builder_version=\u00a0\u00bb4.16&Prime; _module_preset=\u00a0\u00bbdefault\u00a0\u00bb global_colors_info=\u00a0\u00bb{}\u00a0\u00bb][et_pb_image src=\u00a0\u00bbhttps:\/\/aiiro.paris\/wp-content\/uploads\/2024\/06\/2-2.jpg\u00a0\u00bb alt=\u00a0\u00bbAiiRO &#8211; Sabl\u00e9 Genmai-Cha\u00a0\u00bb title_text=\u00a0\u00bbAiiRO &#8211; Sabl\u00e9 Genmai-Cha\u00a0\u00bb _builder_version=\u00a0\u00bb4.25.1&Prime; _module_preset=\u00a0\u00bbdefault\u00a0\u00bb global_colors_info=\u00a0\u00bb{}\u00a0\u00bb][\/et_pb_image][et_pb_text _builder_version=\u00a0\u00bb4.25.1&Prime; _module_preset=\u00a0\u00bb1d866de3-b108-4c5f-bed3-2da9506a6915&Prime; text_font=\u00a0\u00bb&#8211;et_global_body_font||||||||\u00a0\u00bb header_font=\u00a0\u00bb||||||||\u00a0\u00bb header_4_font=\u00a0\u00bbRoboto Mono|600||on|||||\u00a0\u00bb header_4_font_size=\u00a0\u00bb14px\u00a0\u00bb header_4_letter_spacing=\u00a0\u00bb2px\u00a0\u00bb header_4_line_height=\u00a0\u00bb1.7em\u00a0\u00bb custom_margin=\u00a0\u00bb||0px||false|false\u00a0\u00bb header_4_font_size_tablet=\u00a0\u00bb12px\u00a0\u00bb header_4_font_size_phone=\u00a0\u00bb12px\u00a0\u00bb header_4_font_size_last_edited=\u00a0\u00bbon|tablet\u00a0\u00bb global_colors_info=\u00a0\u00bb{}\u00a0\u00bb]<\/p>\n<p>Sabl\u00e9 Genmai-Cha<\/p>\n<p>[\/et_pb_text][\/et_pb_column][et_pb_column type=\u00a0\u00bb1_3&Prime; _builder_version=\u00a0\u00bb4.16&Prime; _module_preset=\u00a0\u00bbdefault\u00a0\u00bb global_colors_info=\u00a0\u00bb{}\u00a0\u00bb][et_pb_text _builder_version=\u00a0\u00bb4.25.1&Prime; _module_preset=\u00a0\u00bb1d866de3-b108-4c5f-bed3-2da9506a6915&Prime; text_font=\u00a0\u00bb&#8211;et_global_heading_font||||||||\u00a0\u00bb text_text_color=\u00a0\u00bb#091F92&Prime; text_font_size=\u00a0\u00bb25px\u00a0\u00bb header_font=\u00a0\u00bb||||||||\u00a0\u00bb header_4_font=\u00a0\u00bbRoboto Mono|600||on|||||\u00a0\u00bb header_4_font_size=\u00a0\u00bb14px\u00a0\u00bb header_4_letter_spacing=\u00a0\u00bb2px\u00a0\u00bb header_4_line_height=\u00a0\u00bb1.7em\u00a0\u00bb custom_margin=\u00a0\u00bb46px||0px||false|false\u00a0\u00bb header_4_font_size_tablet=\u00a0\u00bb12px\u00a0\u00bb header_4_font_size_phone=\u00a0\u00bb12px\u00a0\u00bb header_4_font_size_last_edited=\u00a0\u00bbon|tablet\u00a0\u00bb global_colors_info=\u00a0\u00bb{}\u00a0\u00bb]<\/p>\n<p>Genmai-Cha<\/p>\n<p>[\/et_pb_text][et_pb_text _builder_version=\u00a0\u00bb4.25.1&Prime; _module_preset=\u00a0\u00bb0d1dcb4c-f28c-4a41-972c-ecb508cfdc14&Prime; text_font=\u00a0\u00bb&#8211;et_global_body_font||||||||\u00a0\u00bb text_line_height=\u00a0\u00bb1.8em\u00a0\u00bb custom_margin=\u00a0\u00bb||0px||false|false\u00a0\u00bb custom_padding=\u00a0\u00bb35px|||||\u00a0\u00bb text_font_size_tablet=\u00a0\u00bb\u00a0\u00bb text_font_size_phone=\u00a0\u00bb13px\u00a0\u00bb text_font_size_last_edited=\u00a0\u00bbon|phone\u00a0\u00bb header_font_size_tablet=\u00a0\u00bb55px\u00a0\u00bb header_font_size_last_edited=\u00a0\u00bboff|desktop\u00a0\u00bb global_colors_info=\u00a0\u00bb{}\u00a0\u00bb]<\/p>\n<p style=\"text-align: justify;\">Genmai-Cha est un th\u00e9 vert japonais m\u00e9lang\u00e9 \u00e0 des grains de riz grill\u00e9s. Il est int\u00e9ressant de noter qu&rsquo;il est parfois appel\u00e9 \u201cth\u00e9 au pop-corn\u201d en raison des grains de riz qui ressemblent \u00e0 du pop-corn pendant le processus de torr\u00e9faction.<\/p>\n<p>[\/et_pb_text][\/et_pb_column][\/et_pb_row][et_pb_row column_structure=\u00a0\u00bb1_4,1_4,1_4,1_4&Prime; _builder_version=\u00a0\u00bb4.16&Prime; _module_preset=\u00a0\u00bbdefault\u00a0\u00bb custom_padding=\u00a0\u00bb50px|||||\u00a0\u00bb global_colors_info=\u00a0\u00bb{}\u00a0\u00bb][et_pb_column type=\u00a0\u00bb1_4&Prime; _builder_version=\u00a0\u00bb4.16&Prime; _module_preset=\u00a0\u00bbdefault\u00a0\u00bb global_colors_info=\u00a0\u00bb{}\u00a0\u00bb][et_pb_text _builder_version=\u00a0\u00bb4.25.1&Prime; _module_preset=\u00a0\u00bb1d866de3-b108-4c5f-bed3-2da9506a6915&Prime; text_font=\u00a0\u00bb&#8211;et_global_heading_font||||||||\u00a0\u00bb text_text_color=\u00a0\u00bb#091F92&Prime; text_font_size=\u00a0\u00bb25px\u00a0\u00bb header_font=\u00a0\u00bb||||||||\u00a0\u00bb header_4_font=\u00a0\u00bbRoboto Mono|600||on|||||\u00a0\u00bb header_4_font_size=\u00a0\u00bb14px\u00a0\u00bb header_4_letter_spacing=\u00a0\u00bb2px\u00a0\u00bb header_4_line_height=\u00a0\u00bb1.7em\u00a0\u00bb custom_margin=\u00a0\u00bb||0px||false|false\u00a0\u00bb header_4_font_size_tablet=\u00a0\u00bb12px\u00a0\u00bb header_4_font_size_phone=\u00a0\u00bb12px\u00a0\u00bb header_4_font_size_last_edited=\u00a0\u00bbon|tablet\u00a0\u00bb global_colors_info=\u00a0\u00bb{}\u00a0\u00bb]<\/p>\n<p>Houji-Cha<\/p>\n<p>[\/et_pb_text][et_pb_text _builder_version=\u00a0\u00bb4.25.1&Prime; _module_preset=\u00a0\u00bb0d1dcb4c-f28c-4a41-972c-ecb508cfdc14&Prime; text_font=\u00a0\u00bb&#8211;et_global_body_font||||||||\u00a0\u00bb text_line_height=\u00a0\u00bb1.8em\u00a0\u00bb custom_margin=\u00a0\u00bb||0px||false|false\u00a0\u00bb custom_padding=\u00a0\u00bb35px|||||\u00a0\u00bb text_font_size_tablet=\u00a0\u00bb\u00a0\u00bb text_font_size_phone=\u00a0\u00bb13px\u00a0\u00bb text_font_size_last_edited=\u00a0\u00bbon|phone\u00a0\u00bb header_font_size_tablet=\u00a0\u00bb55px\u00a0\u00bb header_font_size_last_edited=\u00a0\u00bboff|desktop\u00a0\u00bb global_colors_info=\u00a0\u00bb{}\u00a0\u00bb]<\/p>\n<p style=\"text-align: justify;\">Houji-Cha est fabriqu\u00e9 \u00e0 partir de Bancha, th\u00e9 vert issu de la derni\u00e8re r\u00e9colte de l&rsquo;ann\u00e9e qui a lieu en octobre. Les feuilles de th\u00e9 sont torr\u00e9fi\u00e9es dans des plats en porcelaine \u00e0 200\u00b0C, ce qui leur donne une couleur brun\u00e2tre, une odeur et une saveur particuli\u00e8res.<\/p>\n<p>[\/et_pb_text][\/et_pb_column][et_pb_column type=\u00a0\u00bb1_4&Prime; _builder_version=\u00a0\u00bb4.16&Prime; _module_preset=\u00a0\u00bbdefault\u00a0\u00bb global_colors_info=\u00a0\u00bb{}\u00a0\u00bb][et_pb_image src=\u00a0\u00bbhttps:\/\/aiiro.paris\/wp-content\/uploads\/2024\/07\/6-1.jpg\u00a0\u00bb alt=\u00a0\u00bbAiiRO &#8211; Petite Tarte au Caramel, Miso et Houji-Cha\u00a0\u00bb title_text=\u00a0\u00bb6&Prime; _builder_version=\u00a0\u00bb4.26.0&Prime; _module_preset=\u00a0\u00bbdefault\u00a0\u00bb global_colors_info=\u00a0\u00bb{}\u00a0\u00bb][\/et_pb_image][et_pb_text _builder_version=\u00a0\u00bb4.26.0&Prime; _module_preset=\u00a0\u00bb1d866de3-b108-4c5f-bed3-2da9506a6915&Prime; text_font=\u00a0\u00bb&#8211;et_global_body_font||||||||\u00a0\u00bb header_font=\u00a0\u00bb||||||||\u00a0\u00bb header_4_font=\u00a0\u00bbRoboto Mono|600||on|||||\u00a0\u00bb header_4_font_size=\u00a0\u00bb14px\u00a0\u00bb header_4_letter_spacing=\u00a0\u00bb2px\u00a0\u00bb header_4_line_height=\u00a0\u00bb1.7em\u00a0\u00bb custom_margin=\u00a0\u00bb||0px||false|false\u00a0\u00bb header_4_font_size_tablet=\u00a0\u00bb12px\u00a0\u00bb header_4_font_size_phone=\u00a0\u00bb12px\u00a0\u00bb header_4_font_size_last_edited=\u00a0\u00bbon|tablet\u00a0\u00bb global_colors_info=\u00a0\u00bb{}\u00a0\u00bb]<\/p>\n<p>Cheesecake Houji-Cha<\/p>\n<p>[\/et_pb_text][\/et_pb_column][et_pb_column type=\u00a0\u00bb1_4&Prime; _builder_version=\u00a0\u00bb4.16&Prime; _module_preset=\u00a0\u00bbdefault\u00a0\u00bb global_colors_info=\u00a0\u00bb{}\u00a0\u00bb][et_pb_image src=\u00a0\u00bbhttps:\/\/aiiro.paris\/wp-content\/uploads\/2024\/06\/6-1.jpg\u00a0\u00bb alt=\u00a0\u00bbAiiRO &#8211; Sabl\u00e9 Houji-Cha\u00a0\u00bb title_text=\u00a0\u00bbAiiRO &#8211; Sabl\u00e9 Houji-Cha\u00a0\u00bb _builder_version=\u00a0\u00bb4.26.0&Prime; _module_preset=\u00a0\u00bbdefault\u00a0\u00bb global_colors_info=\u00a0\u00bb{}\u00a0\u00bb][\/et_pb_image][et_pb_text _builder_version=\u00a0\u00bb4.25.1&Prime; _module_preset=\u00a0\u00bb1d866de3-b108-4c5f-bed3-2da9506a6915&Prime; text_font=\u00a0\u00bb&#8211;et_global_body_font||||||||\u00a0\u00bb header_font=\u00a0\u00bb||||||||\u00a0\u00bb header_4_font=\u00a0\u00bbRoboto Mono|600||on|||||\u00a0\u00bb header_4_font_size=\u00a0\u00bb14px\u00a0\u00bb header_4_letter_spacing=\u00a0\u00bb2px\u00a0\u00bb header_4_line_height=\u00a0\u00bb1.7em\u00a0\u00bb custom_margin=\u00a0\u00bb||0px||false|false\u00a0\u00bb header_4_font_size_tablet=\u00a0\u00bb12px\u00a0\u00bb header_4_font_size_phone=\u00a0\u00bb12px\u00a0\u00bb header_4_font_size_last_edited=\u00a0\u00bbon|tablet\u00a0\u00bb global_colors_info=\u00a0\u00bb{}\u00a0\u00bb]<\/p>\n<p>Sabl\u00e9 Houji-Cha<\/p>\n<p>[\/et_pb_text][\/et_pb_column][et_pb_column type=\u00a0\u00bb1_4&Prime; _builder_version=\u00a0\u00bb4.16&Prime; _module_preset=\u00a0\u00bbdefault\u00a0\u00bb global_colors_info=\u00a0\u00bb{}\u00a0\u00bb][et_pb_image src=\u00a0\u00bbhttps:\/\/aiiro.paris\/wp-content\/uploads\/2024\/06\/4-1.jpg\u00a0\u00bb alt=\u00a0\u00bbAiiRO &#8211; Chocolat Chaud avec Houji-Cha\u00a0\u00bb title_text=\u00a0\u00bbAiiRO &#8211; Chocolat Chaud avec Houji-Cha\u00a0\u00bb _builder_version=\u00a0\u00bb4.25.1&Prime; _module_preset=\u00a0\u00bbdefault\u00a0\u00bb global_colors_info=\u00a0\u00bb{}\u00a0\u00bb][\/et_pb_image][et_pb_text _builder_version=\u00a0\u00bb4.25.1&Prime; _module_preset=\u00a0\u00bb1d866de3-b108-4c5f-bed3-2da9506a6915&Prime; text_font=\u00a0\u00bb&#8211;et_global_body_font||||||||\u00a0\u00bb header_font=\u00a0\u00bb||||||||\u00a0\u00bb header_4_font=\u00a0\u00bbRoboto Mono|600||on|||||\u00a0\u00bb header_4_font_size=\u00a0\u00bb14px\u00a0\u00bb header_4_letter_spacing=\u00a0\u00bb2px\u00a0\u00bb header_4_line_height=\u00a0\u00bb1.7em\u00a0\u00bb custom_margin=\u00a0\u00bb||0px||false|false\u00a0\u00bb header_4_font_size_tablet=\u00a0\u00bb12px\u00a0\u00bb header_4_font_size_phone=\u00a0\u00bb12px\u00a0\u00bb header_4_font_size_last_edited=\u00a0\u00bbon|tablet\u00a0\u00bb global_colors_info=\u00a0\u00bb{}\u00a0\u00bb]<\/p>\n<p>Chocolat Chaud avec Houji-Cha<\/p>\n<p>[\/et_pb_text][\/et_pb_column][\/et_pb_row][et_pb_row column_structure=\u00a0\u00bb1_3,1_3,1_3&Prime; _builder_version=\u00a0\u00bb4.16&Prime; _module_preset=\u00a0\u00bbdefault\u00a0\u00bb min_height=\u00a0\u00bb406.9px\u00a0\u00bb custom_margin=\u00a0\u00bb50px|auto||auto||\u00a0\u00bb global_colors_info=\u00a0\u00bb{}\u00a0\u00bb][et_pb_column type=\u00a0\u00bb1_3&Prime; _builder_version=\u00a0\u00bb4.16&Prime; _module_preset=\u00a0\u00bbdefault\u00a0\u00bb global_colors_info=\u00a0\u00bb{}\u00a0\u00bb][et_pb_image src=\u00a0\u00bbhttps:\/\/aiiro.paris\/wp-content\/uploads\/2024\/06\/3-1.jpg\u00a0\u00bb alt=\u00a0\u00bbAiiRO &#8211; Jus de Pomme avec Soba-Cha\u00a0\u00bb title_text=\u00a0\u00bbAiiRO &#8211; Jus de Pomme avec Soba-Cha\u00a0\u00bb align=\u00a0\u00bbcenter\u00a0\u00bb _builder_version=\u00a0\u00bb4.25.1&Prime; _module_preset=\u00a0\u00bbdefault\u00a0\u00bb max_width=\u00a0\u00bb100%\u00a0\u00bb global_colors_info=\u00a0\u00bb{}\u00a0\u00bb][\/et_pb_image][et_pb_text _builder_version=\u00a0\u00bb4.25.1&Prime; _module_preset=\u00a0\u00bb1d866de3-b108-4c5f-bed3-2da9506a6915&Prime; text_font=\u00a0\u00bb&#8211;et_global_body_font||||||||\u00a0\u00bb header_font=\u00a0\u00bb||||||||\u00a0\u00bb header_4_font=\u00a0\u00bbRoboto Mono|600||on|||||\u00a0\u00bb header_4_font_size=\u00a0\u00bb14px\u00a0\u00bb header_4_letter_spacing=\u00a0\u00bb2px\u00a0\u00bb header_4_line_height=\u00a0\u00bb1.7em\u00a0\u00bb module_alignment=\u00a0\u00bbleft\u00a0\u00bb custom_margin=\u00a0\u00bb||0px||false|false\u00a0\u00bb header_4_font_size_tablet=\u00a0\u00bb12px\u00a0\u00bb header_4_font_size_phone=\u00a0\u00bb12px\u00a0\u00bb header_4_font_size_last_edited=\u00a0\u00bbon|tablet\u00a0\u00bb global_colors_info=\u00a0\u00bb{}\u00a0\u00bb]<\/p>\n<p style=\"text-align: left;\">Jus de Pomme avec Soba-Cha<\/p>\n<p>[\/et_pb_text][\/et_pb_column][et_pb_column type=\u00a0\u00bb1_3&Prime; _builder_version=\u00a0\u00bb4.16&Prime; _module_preset=\u00a0\u00bbdefault\u00a0\u00bb global_colors_info=\u00a0\u00bb{}\u00a0\u00bb][et_pb_text _builder_version=\u00a0\u00bb4.25.1&Prime; _module_preset=\u00a0\u00bb1d866de3-b108-4c5f-bed3-2da9506a6915&Prime; text_font=\u00a0\u00bb&#8211;et_global_heading_font||||||||\u00a0\u00bb text_text_color=\u00a0\u00bb#091F92&Prime; text_font_size=\u00a0\u00bb25px\u00a0\u00bb header_font=\u00a0\u00bb||||||||\u00a0\u00bb header_4_font=\u00a0\u00bbRoboto Mono|600||on|||||\u00a0\u00bb header_4_font_size=\u00a0\u00bb14px\u00a0\u00bb header_4_letter_spacing=\u00a0\u00bb2px\u00a0\u00bb header_4_line_height=\u00a0\u00bb1.7em\u00a0\u00bb custom_margin=\u00a0\u00bb48px||0px||false|false\u00a0\u00bb header_4_font_size_tablet=\u00a0\u00bb12px\u00a0\u00bb header_4_font_size_phone=\u00a0\u00bb12px\u00a0\u00bb header_4_font_size_last_edited=\u00a0\u00bbon|tablet\u00a0\u00bb global_colors_info=\u00a0\u00bb{}\u00a0\u00bb]<\/p>\n<p>Soba-Cha<\/p>\n<p>[\/et_pb_text][et_pb_text _builder_version=\u00a0\u00bb4.25.1&Prime; _module_preset=\u00a0\u00bb0d1dcb4c-f28c-4a41-972c-ecb508cfdc14&Prime; text_font=\u00a0\u00bb&#8211;et_global_body_font||||||||\u00a0\u00bb text_line_height=\u00a0\u00bb1.8em\u00a0\u00bb custom_margin=\u00a0\u00bb||0px||false|false\u00a0\u00bb custom_padding=\u00a0\u00bb35px|||||\u00a0\u00bb text_font_size_tablet=\u00a0\u00bb\u00a0\u00bb text_font_size_phone=\u00a0\u00bb13px\u00a0\u00bb text_font_size_last_edited=\u00a0\u00bbon|phone\u00a0\u00bb header_font_size_tablet=\u00a0\u00bb55px\u00a0\u00bb header_font_size_last_edited=\u00a0\u00bboff|desktop\u00a0\u00bb global_colors_info=\u00a0\u00bb{}\u00a0\u00bb]<\/p>\n<p style=\"text-align: justify;\">Soba-Cha (ou th\u00e9 de sarrasin) est une infusion dans une eau fr\u00e9missante de graines de sarrasin qui sont grill\u00e9s ou torr\u00e9fi\u00e9s. Les graines de sarrasin sont riches en sels min\u00e9raux comme le magn\u00e9sium, calcium et potassium.<\/p>\n<p>[\/et_pb_text][\/et_pb_column][et_pb_column type=\u00a0\u00bb1_3&Prime; _builder_version=\u00a0\u00bb4.16&Prime; _module_preset=\u00a0\u00bbdefault\u00a0\u00bb global_colors_info=\u00a0\u00bb{}\u00a0\u00bb][\/et_pb_column][\/et_pb_row][\/et_pb_section][et_pb_section fb_built=\u00a0\u00bb1&Prime; module_id=\u00a0\u00bbequipe\u00a0\u00bb _builder_version=\u00a0\u00bb4.25.1&Prime; _module_preset=\u00a0\u00bbdefault\u00a0\u00bb background_color=\u00a0\u00bb#0A0000&Prime; use_background_color_gradient=\u00a0\u00bbon\u00a0\u00bb background_color_gradient_stops=\u00a0\u00bbrgba(10,0,0,0.48) 1%|rgba(10,0,0,0.8) 99%\u00a0\u00bb background_color_gradient_overlays_image=\u00a0\u00bbon\u00a0\u00bb background_image=\u00a0\u00bbhttps:\/\/aiiro.paris\/wp-content\/uploads\/2024\/06\/robin-ooode-olpYWcO2kHw-unsplash-scaled.jpg\u00a0\u00bb parallax=\u00a0\u00bbon\u00a0\u00bb custom_margin=\u00a0\u00bb-1px|||||\u00a0\u00bb global_colors_info=\u00a0\u00bb{}\u00a0\u00bb][et_pb_row _builder_version=\u00a0\u00bb4.25.1&Prime; _module_preset=\u00a0\u00bbdefault\u00a0\u00bb global_colors_info=\u00a0\u00bb{}\u00a0\u00bb][et_pb_column type=\u00a0\u00bb4_4&Prime; _builder_version=\u00a0\u00bb4.25.1&Prime; _module_preset=\u00a0\u00bbdefault\u00a0\u00bb global_colors_info=\u00a0\u00bb{}\u00a0\u00bb][et_pb_text _builder_version=\u00a0\u00bb4.25.1&Prime; _module_preset=\u00a0\u00bbdefault\u00a0\u00bb text_font=\u00a0\u00bbPlayfair Display||||||||\u00a0\u00bb text_text_color=\u00a0\u00bb#FFFFFF\u00a0\u00bb text_font_size=\u00a0\u00bb34px\u00a0\u00bb text_line_height=\u00a0\u00bb1.2em\u00a0\u00bb header_font=\u00a0\u00bbPlayfair Display||||||||\u00a0\u00bb header_text_color=\u00a0\u00bb#091F92&Prime; width=\u00a0\u00bb92%\u00a0\u00bb global_colors_info=\u00a0\u00bb{}\u00a0\u00bb]<\/p>\n<p>Notre \u00e9quipe.<\/p>\n<p>[\/et_pb_text][\/et_pb_column][\/et_pb_row][et_pb_row column_structure=\u00a0\u00bb1_2,1_2&Prime; _builder_version=\u00a0\u00bb4.25.1&Prime; _module_preset=\u00a0\u00bbdefault\u00a0\u00bb global_colors_info=\u00a0\u00bb{}\u00a0\u00bb][et_pb_column type=\u00a0\u00bb1_2&Prime; _builder_version=\u00a0\u00bb4.25.1&Prime; _module_preset=\u00a0\u00bbdefault\u00a0\u00bb background_color=\u00a0\u00bbRGBA(255,255,255,0)\u00a0\u00bb custom_padding=\u00a0\u00bb0px|0px|0px|0px|false|false\u00a0\u00bb global_colors_info=\u00a0\u00bb{}\u00a0\u00bb][et_pb_text _builder_version=\u00a0\u00bb4.25.1&Prime; _module_preset=\u00a0\u00bbdefault\u00a0\u00bb text_font=\u00a0\u00bb&#8211;et_global_body_font||||||||\u00a0\u00bb text_text_color=\u00a0\u00bb#FFFFFF\u00a0\u00bb text_font_size=\u00a0\u00bb16px\u00a0\u00bb header_font=\u00a0\u00bb&#8211;et_global_body_font||||||||\u00a0\u00bb header_text_color=\u00a0\u00bb#091F92&Prime; header_font_size=\u00a0\u00bb25px\u00a0\u00bb max_width=\u00a0\u00bb100%\u00a0\u00bb global_colors_info=\u00a0\u00bb{}\u00a0\u00bb]Rencontrez les trois fondateurs d&rsquo;AiiRO, qui unissent leurs comp\u00e9tences, leur savoir-faire et leur passion pour cr\u00e9er une exp\u00e9rience gastronomique unique.[\/et_pb_text][et_pb_image src=\u00a0\u00bbhttps:\/\/aiiro.paris\/wp-content\/uploads\/2024\/06\/WhatsApp-Image-2024-06-03-at-10.44.02.jpeg\u00a0\u00bb alt=\u00a0\u00bbAiiRO &#8211; Team\u00a0\u00bb title_text=\u00a0\u00bbAiiRO &#8211; Team\u00a0\u00bb _builder_version=\u00a0\u00bb4.25.1&Prime; _module_preset=\u00a0\u00bbdefault\u00a0\u00bb global_colors_info=\u00a0\u00bb{}\u00a0\u00bb][\/et_pb_image][et_pb_text _builder_version=\u00a0\u00bb4.25.1&Prime; _module_preset=\u00a0\u00bbdefault\u00a0\u00bb text_font=\u00a0\u00bb&#8211;et_global_body_font||||||||\u00a0\u00bb text_text_color=\u00a0\u00bb#FFFFFF\u00a0\u00bb text_font_size=\u00a0\u00bb12px\u00a0\u00bb header_font=\u00a0\u00bb&#8211;et_global_body_font||||||||\u00a0\u00bb header_text_color=\u00a0\u00bb#091F92&Prime; header_font_size=\u00a0\u00bb25px\u00a0\u00bb max_width=\u00a0\u00bb100%\u00a0\u00bb global_colors_info=\u00a0\u00bb{}\u00a0\u00bb]De gauche \u00e0 droite : Randy Yaloz, Jonathan Bonneh, Hideo Aoki[\/et_pb_text][\/et_pb_column][et_pb_column type=\u00a0\u00bb1_2&Prime; _builder_version=\u00a0\u00bb4.25.1&Prime; _module_preset=\u00a0\u00bbdefault\u00a0\u00bb background_color=\u00a0\u00bbRGBA(255,255,255,0)\u00a0\u00bb custom_padding=\u00a0\u00bb0px|45px|0px|0px|false|false\u00a0\u00bb global_colors_info=\u00a0\u00bb{}\u00a0\u00bb][et_pb_text _builder_version=\u00a0\u00bb4.25.1&Prime; _module_preset=\u00a0\u00bbdefault\u00a0\u00bb text_font=\u00a0\u00bb&#8211;et_global_body_font||||||||\u00a0\u00bb text_text_color=\u00a0\u00bb#FFFFFF\u00a0\u00bb text_font_size=\u00a0\u00bb15px\u00a0\u00bb text_line_height=\u00a0\u00bb1.5em\u00a0\u00bb header_font=\u00a0\u00bb&#8211;et_global_heading_font||||||||\u00a0\u00bb header_text_color=\u00a0\u00bb#664C40&Prime; header_font_size=\u00a0\u00bb25px\u00a0\u00bb max_width=\u00a0\u00bb100%\u00a0\u00bb global_colors_info=\u00a0\u00bb{}\u00a0\u00bb]<\/p>\n<p style=\"text-align: justify;\">Avec plus de 25 ans d&rsquo;exp\u00e9rience dans le th\u00e9 japonais sur la sc\u00e8ne internationale, <strong>Hideo Aoki<\/strong>, Pr\u00e9sident de Haruna Inc. au Japon, a fond\u00e9 et d\u00e9velopp\u00e9 plusieurs entreprises et usines en Asie dans le th\u00e9. Maintenant en France, il souhaite d\u00e9velopper ses activit\u00e9s sur le march\u00e9 europ\u00e9en, apportant son expertise et son raffinement japonais.<\/p>\n<p style=\"text-align: justify;\"><strong>Jonathan Bonneh<\/strong>, notre talentueux et innovant Chef-p\u00e2tissier, a d\u00e9but\u00e9 sa carri\u00e8re dans des \u00e9tablissements prestigieux comme la Maison Dalloyau \u00e0 Paris, les p\u00e2tisseries St\u00e9phane Glacier, Cheval Blanc \u00e0 Saint-Tropez et Saint-Barth\u00e9lemy avec le chef Arnaud Donckele. Il a ensuite perfectionn\u00e9 son art au Byblos \u00e0 Saint-Tropez et comme sous-chef p\u00e2tissier \u00e0 l&rsquo;H\u00f4tel La Ch\u00e8vre d&rsquo;Or \u00e0 \u00c8ze, sous la direction du chef Arnaud Faye. Jonathan est l\u2019esprit cr\u00e9atif \u00e0 l\u2019origine de tous les produits AiiRO, mettant en valeur le th\u00e9 japonais avec la technicit\u00e9 fran\u00e7aise.<\/p>\n<p style=\"text-align: justify;\">Passionn\u00e9 par la culture japonaise de longue date, <strong>Randy Yaloz<\/strong> a trouv\u00e9 des partenaires id\u00e9aux pour r\u00e9aliser son r\u00eave : un projet \u00e0 l\u2019intersection des cultures occidentales et orientales. Gr\u00e2ce \u00e0 son exp\u00e9rience en gestion d&rsquo;entreprise et \u00e0 sa connaissance approfondie du march\u00e9 fran\u00e7ais, il repr\u00e9sente Haruna Inc. en France, \u0153uvrant \u00e0 l&rsquo;expansion et au succ\u00e8s du projet AiiRO.<\/p>\n<p>[\/et_pb_text][\/et_pb_column][\/et_pb_row][\/et_pb_section][et_pb_section fb_built=\u00a0\u00bb1&Prime; module_id=\u00a0\u00bbcontact\u00a0\u00bb _builder_version=\u00a0\u00bb4.25.1&Prime; _module_preset=\u00a0\u00bbdefault\u00a0\u00bb background_color=\u00a0\u00bb#0A0000&Prime; use_background_color_gradient=\u00a0\u00bbon\u00a0\u00bb background_color_gradient_stops=\u00a0\u00bb#ffffff 20%|rgba(255, 255, 255, 0.69) 58%|rgba(255,255,255,0.37) 100%\u00a0\u00bb background_color_gradient_overlays_image=\u00a0\u00bbon\u00a0\u00bb background_image=\u00a0\u00bbhttps:\/\/aiiro.paris\/wp-content\/uploads\/2024\/06\/6.jpg\u00a0\u00bb parallax=\u00a0\u00bbon\u00a0\u00bb custom_margin=\u00a0\u00bb-1px|||||\u00a0\u00bb global_colors_info=\u00a0\u00bb{}\u00a0\u00bb][et_pb_row column_structure=\u00a0\u00bb1_3,2_3&Prime; _builder_version=\u00a0\u00bb4.25.1&Prime; _module_preset=\u00a0\u00bbdefault\u00a0\u00bb custom_margin=\u00a0\u00bb30px|auto||auto||\u00a0\u00bb global_colors_info=\u00a0\u00bb{}\u00a0\u00bb][et_pb_column type=\u00a0\u00bb1_3&Prime; _builder_version=\u00a0\u00bb4.25.1&Prime; _module_preset=\u00a0\u00bbdefault\u00a0\u00bb global_colors_info=\u00a0\u00bb{}\u00a0\u00bb][et_pb_image src=\u00a0\u00bbhttps:\/\/aiiro.paris\/wp-content\/uploads\/2026\/01\/AiiRO-Logo-Francais.png\u00a0\u00bb alt=\u00a0\u00bbLogo AiiRO\u00a0\u00bb title_text=\u00a0\u00bbAiiRO &#8211; Logo &#8211; Fran\u00e7ais\u00a0\u00bb align=\u00a0\u00bbcenter\u00a0\u00bb _builder_version=\u00a0\u00bb4.26.0&Prime; _module_preset=\u00a0\u00bbdefault\u00a0\u00bb width=\u00a0\u00bb44%\u00a0\u00bb global_colors_info=\u00a0\u00bb{}\u00a0\u00bb][\/et_pb_image][et_pb_text _builder_version=\u00a0\u00bb4.25.1&Prime; _module_preset=\u00a0\u00bbdefault\u00a0\u00bb text_font=\u00a0\u00bb&#8211;et_global_body_font||||||||\u00a0\u00bb text_text_color=\u00a0\u00bb#0A0000&Prime; text_font_size=\u00a0\u00bb13px\u00a0\u00bb header_font=\u00a0\u00bb&#8211;et_global_body_font||||||||\u00a0\u00bb header_text_color=\u00a0\u00bb#091F92&Prime; header_font_size=\u00a0\u00bb25px\u00a0\u00bb max_width=\u00a0\u00bb100%\u00a0\u00bb global_colors_info=\u00a0\u00bb{}\u00a0\u00bb]<\/p>\n<p style=\"text-align: justify;\">Suivez-nous sur nos r\u00e9seaux sociaux pour \u00eatre inform\u00e9s de nos futurs \u00e9v\u00e9nements et de l&rsquo;ouverture prochaine du salon de th\u00e9 AiiRO \u00e0 Paris.<\/p>\n<p>[\/et_pb_text][et_pb_social_media_follow _builder_version=\u00a0\u00bb4.25.1&Prime; _module_preset=\u00a0\u00bbdefault\u00a0\u00bb text_orientation=\u00a0\u00bbcenter\u00a0\u00bb global_colors_info=\u00a0\u00bb{}\u00a0\u00bb][et_pb_social_media_follow_network social_network=\u00a0\u00bbinstagram\u00a0\u00bb url=\u00a0\u00bbhttps:\/\/www.instagram.com\/aiiroparis\/\u00a0\u00bb _builder_version=\u00a0\u00bb4.25.1&Prime; _module_preset=\u00a0\u00bbdefault\u00a0\u00bb background_color=\u00a0\u00bb#5F81CB\u00a0\u00bb background_enable_color=\u00a0\u00bbon\u00a0\u00bb global_colors_info=\u00a0\u00bb{}\u00a0\u00bb follow_button=\u00a0\u00bboff\u00a0\u00bb url_new_window=\u00a0\u00bbon\u00a0\u00bb]instagram[\/et_pb_social_media_follow_network][et_pb_social_media_follow_network social_network=\u00a0\u00bbtwitter\u00a0\u00bb url=\u00a0\u00bbhttps:\/\/x.com\/AiiroParis\u00a0\u00bb _builder_version=\u00a0\u00bb4.25.1&Prime; _module_preset=\u00a0\u00bbdefault\u00a0\u00bb background_color=\u00a0\u00bb#5F81CB\u00a0\u00bb background_enable_color=\u00a0\u00bbon\u00a0\u00bb global_colors_info=\u00a0\u00bb{}\u00a0\u00bb follow_button=\u00a0\u00bboff\u00a0\u00bb url_new_window=\u00a0\u00bbon\u00a0\u00bb]X[\/et_pb_social_media_follow_network][\/et_pb_social_media_follow][et_pb_text _builder_version=\u00a0\u00bb4.25.1&Prime; _module_preset=\u00a0\u00bbdefault\u00a0\u00bb text_font=\u00a0\u00bb&#8211;et_global_body_font||||||||\u00a0\u00bb text_text_color=\u00a0\u00bb#0A0000&Prime; text_font_size=\u00a0\u00bb13px\u00a0\u00bb header_font=\u00a0\u00bb&#8211;et_global_body_font||||||||\u00a0\u00bb header_text_color=\u00a0\u00bb#0A0000&Prime; header_font_size=\u00a0\u00bb25px\u00a0\u00bb max_width=\u00a0\u00bb100%\u00a0\u00bb global_colors_info=\u00a0\u00bb{}\u00a0\u00bb]<\/p>\n<p style=\"text-align: justify;\">Haruna Inc AiiRO est un projet r\u00e9alis\u00e9 par la soci\u00e9t\u00e9 japonaise Haruna Inc. install\u00e9e au c\u0153ur du quartier de Saint-Germain \u00e0 Paris. Le groupe est le leader japonais de fabrication de boissons \u00e0 base de th\u00e9 japonais. <span style=\"color: #5f81cb;\"><a href=\"http:\/\/haruna-brand.com\" target=\"_blank\" rel=\"noopener\" style=\"color: #5f81cb;\"><span style=\"color: #091f92;\">http:\/\/haruna-brand.com<\/span><\/a><\/span><\/p>\n<p>[\/et_pb_text][\/et_pb_column][et_pb_column type=\u00a0\u00bb2_3&Prime; _builder_version=\u00a0\u00bb4.25.1&Prime; _module_preset=\u00a0\u00bbdefault\u00a0\u00bb global_colors_info=\u00a0\u00bb{}\u00a0\u00bb][et_pb_text _builder_version=\u00a0\u00bb4.25.1&Prime; _module_preset=\u00a0\u00bbdefault\u00a0\u00bb text_font=\u00a0\u00bbPlayfair Display||||||||\u00a0\u00bb text_text_color=\u00a0\u00bb#091F92&Prime; text_font_size=\u00a0\u00bb34px\u00a0\u00bb text_line_height=\u00a0\u00bb1.2em\u00a0\u00bb header_font=\u00a0\u00bbPlayfair Display||||||||\u00a0\u00bb header_text_color=\u00a0\u00bb#091F92&Prime; width=\u00a0\u00bb92%\u00a0\u00bb global_colors_info=\u00a0\u00bb{}\u00a0\u00bb]<\/p>\n<p>Contact<\/p>\n<p>[\/et_pb_text][et_pb_code _builder_version=\u00a0\u00bb4.25.1&Prime; _module_preset=\u00a0\u00bbdefault\u00a0\u00bb global_colors_info=\u00a0\u00bb{}\u00a0\u00bb]<style id=\"wpforms-css-vars-110\">\n\t\t\t\t#wpforms-110 {\n\t\t\t\t\n\t\t\t}\n\t\t\t<\/style><div class=\"wpforms-container wpforms-container-full wpforms-render-modern\" id=\"wpforms-110\"><form id=\"wpforms-form-110\" class=\"wpforms-validate wpforms-form wpforms-ajax-form\" data-formid=\"110\" method=\"post\" enctype=\"multipart\/form-data\" action=\"\/index.php?rest_route=%2Fwp%2Fv2%2Fpages%2F14\" data-token=\"83594a4f931cc90e779650d00d70a598\" data-token-time=\"1777499239\"><noscript class=\"wpforms-error-noscript\">Veuillez activer JavaScript dans votre navigateur pour remplir ce formulaire.<\/noscript><div id=\"wpforms-error-noscript\" style=\"display: none;\">Veuillez activer JavaScript dans votre navigateur pour remplir ce formulaire.<\/div><div class=\"wpforms-field-container\"><div id=\"wpforms-110-field_0-container\" class=\"wpforms-field wpforms-field-name\" data-field-id=\"0\"><fieldset><legend class=\"wpforms-field-label\">Nom | Name <span class=\"wpforms-required-label\" aria-hidden=\"true\">*<\/span><\/legend><div class=\"wpforms-field-row wpforms-field-large\"><div class=\"wpforms-field-row-block wpforms-first wpforms-one-half\"><input type=\"text\" id=\"wpforms-110-field_0\" class=\"wpforms-field-name-first wpforms-field-required\" name=\"wpforms[fields][0][first]\" placeholder=\"Pr\u00e9nom | First Name\" aria-errormessage=\"wpforms-110-field_0-error\" required><label for=\"wpforms-110-field_0\" class=\"wpforms-field-sublabel after wpforms-sublabel-hide\">Pr\u00e9nom<\/label><\/div><div class=\"wpforms-field-row-block wpforms-one-half\"><input type=\"text\" id=\"wpforms-110-field_0-last\" class=\"wpforms-field-name-last wpforms-field-required\" name=\"wpforms[fields][0][last]\" placeholder=\"Nom  | Last Name\" aria-errormessage=\"wpforms-110-field_0-last-error\" required><label for=\"wpforms-110-field_0-last\" class=\"wpforms-field-sublabel after wpforms-sublabel-hide\">Nom<\/label><\/div><\/div><\/fieldset><\/div><div id=\"wpforms-110-field_1-container\" class=\"wpforms-field wpforms-field-email\" data-field-id=\"1\"><label class=\"wpforms-field-label\" for=\"wpforms-110-field_1\">E-mail <span class=\"wpforms-required-label\" aria-hidden=\"true\">*<\/span><\/label><input type=\"email\" id=\"wpforms-110-field_1\" class=\"wpforms-field-large wpforms-field-required\" name=\"wpforms[fields][1]\" spellcheck=\"false\" aria-errormessage=\"wpforms-110-field_1-error\" required><\/div><div id=\"wpforms-110-field_2-container\" class=\"wpforms-field wpforms-field-textarea\" data-field-id=\"2\"><label class=\"wpforms-field-label\" for=\"wpforms-110-field_2\">Message<\/label><textarea id=\"wpforms-110-field_2\" class=\"wpforms-field-medium\" name=\"wpforms[fields][2]\" aria-errormessage=\"wpforms-110-field_2-error\" ><\/textarea><\/div><\/div><!-- .wpforms-field-container --><div class=\"wpforms-submit-container\" ><input type=\"hidden\" name=\"wpforms[id]\" value=\"110\"><input type=\"hidden\" name=\"page_title\" value=\"\"><input type=\"hidden\" name=\"page_url\" value=\"https:\/\/aiiro.paris\/index.php?rest_route=\/wp\/v2\/pages\/14\"><input type=\"hidden\" name=\"url_referer\" value=\"\"><button type=\"submit\" name=\"wpforms[submit]\" id=\"wpforms-submit-110\" class=\"wpforms-submit\" data-alt-text=\"Envoi en cours...\" data-submit-text=\"Envoyer | Send\" aria-live=\"assertive\" value=\"wpforms-submit\">Envoyer | Send<\/button><img loading=\"lazy\" decoding=\"async\" src=\"https:\/\/aiiro.paris\/wp-content\/plugins\/wpforms-lite\/assets\/images\/submit-spin.svg\" class=\"wpforms-submit-spinner\" style=\"display: none;\" width=\"26\" height=\"26\" alt=\"Chargement en cours\"><\/div><\/form><\/div>  <!-- .wpforms-container -->[\/et_pb_code][\/et_pb_column][\/et_pb_row][\/et_pb_section]<\/p>\n","protected":false},"excerpt":{"rendered":"<p>Savourez l\u2019Alliance du Savoir-Faire Fran\u00e7ais et de la Tradition Japonaise.Une aventure culinaire franco-japonaise fusionnant le savoir-faire, les produits du terroir et la richesse culturelle de la France et du Japon, sublim\u00e9e par l&rsquo;art du th\u00e9 japonais.D\u00e9couvrez un Projet Culinaire d&rsquo;ExceptionNous avons l&rsquo;immense plaisir et l&rsquo;honneur de vous inviter \u00e0 d\u00e9couvrir notre nouvelle aventure gastronomique franco-japonaise, [&hellip;]<\/p>\n","protected":false},"author":1,"featured_media":0,"parent":0,"menu_order":0,"comment_status":"closed","ping_status":"closed","template":"","meta":{"_et_pb_use_builder":"on","_et_pb_old_content":"","_et_gb_content_width":"","footnotes":""},"yoast_head":"<!-- This site is optimized with the Yoast SEO plugin v23.0 - https:\/\/yoast.com\/wordpress\/plugins\/seo\/ -->\n<title>Bienvenue chez AiiRO - aiiro.paris<\/title>\n<meta name=\"description\" content=\"Plongez dans une nouvelle aventure gastronomique franco-japonaise, AiiRO, centr\u00e9e autour du th\u00e9 japonais. Ce projet unique fusionne le savoir-faire, les produits du terroir et la richesse culturelle de la France et du Japon.\" \/>\n<meta name=\"robots\" content=\"index, follow, max-snippet:-1, max-image-preview:large, max-video-preview:-1\" \/>\n<link rel=\"canonical\" href=\"https:\/\/aiiro.paris\/\" \/>\n<meta property=\"og:locale\" content=\"fr_FR\" \/>\n<meta property=\"og:type\" content=\"article\" \/>\n<meta property=\"og:title\" content=\"Bienvenue chez AiiRO - aiiro.paris\" \/>\n<meta property=\"og:description\" content=\"Plongez dans une nouvelle aventure gastronomique franco-japonaise, AiiRO, centr\u00e9e autour du th\u00e9 japonais. Ce projet unique fusionne le savoir-faire, les produits du terroir et la richesse culturelle de la France et du Japon.\" \/>\n<meta property=\"og:url\" content=\"https:\/\/aiiro.paris\/\" \/>\n<meta property=\"og:site_name\" content=\"aiiro.paris\" \/>\n<meta property=\"article:modified_time\" content=\"2026-01-17T07:03:34+00:00\" \/>\n<meta name=\"twitter:card\" content=\"summary_large_image\" \/>\n<script type=\"application\/ld+json\" class=\"yoast-schema-graph\">{\"@context\":\"https:\/\/schema.org\",\"@graph\":[{\"@type\":\"WebPage\",\"@id\":\"https:\/\/aiiro.paris\/\",\"url\":\"https:\/\/aiiro.paris\/\",\"name\":\"Bienvenue chez AiiRO - aiiro.paris\",\"isPartOf\":{\"@id\":\"https:\/\/aiiro.paris\/#website\"},\"datePublished\":\"2024-06-09T14:24:11+00:00\",\"dateModified\":\"2026-01-17T07:03:34+00:00\",\"description\":\"Plongez dans une nouvelle aventure gastronomique franco-japonaise, AiiRO, centr\u00e9e autour du th\u00e9 japonais. Ce projet unique fusionne le savoir-faire, les produits du terroir et la richesse culturelle de la France et du Japon.\",\"breadcrumb\":{\"@id\":\"https:\/\/aiiro.paris\/#breadcrumb\"},\"inLanguage\":\"fr-FR\",\"potentialAction\":[{\"@type\":\"ReadAction\",\"target\":[\"https:\/\/aiiro.paris\/\"]}]},{\"@type\":\"BreadcrumbList\",\"@id\":\"https:\/\/aiiro.paris\/#breadcrumb\",\"itemListElement\":[{\"@type\":\"ListItem\",\"position\":1,\"name\":\"Accueil\",\"item\":\"https:\/\/aiiro.paris\/\"},{\"@type\":\"ListItem\",\"position\":2,\"name\":\"Accueil\"}]},{\"@type\":\"WebSite\",\"@id\":\"https:\/\/aiiro.paris\/#website\",\"url\":\"https:\/\/aiiro.paris\/\",\"name\":\"aiiro.paris\",\"description\":\"Savourez l\u2019Alliance du Savoir-Faire Fran\u00e7ais et de la Tradition Japonaise.\",\"publisher\":{\"@id\":\"https:\/\/aiiro.paris\/#organization\"},\"potentialAction\":[{\"@type\":\"SearchAction\",\"target\":{\"@type\":\"EntryPoint\",\"urlTemplate\":\"https:\/\/aiiro.paris\/?s={search_term_string}\"},\"query-input\":\"required name=search_term_string\"}],\"inLanguage\":\"fr-FR\"},{\"@type\":\"Organization\",\"@id\":\"https:\/\/aiiro.paris\/#organization\",\"name\":\"AiiRO\",\"url\":\"https:\/\/aiiro.paris\/\",\"logo\":{\"@type\":\"ImageObject\",\"inLanguage\":\"fr-FR\",\"@id\":\"https:\/\/aiiro.paris\/#\/schema\/logo\/image\/\",\"url\":\"https:\/\/aiiro.paris\/wp-content\/uploads\/2024\/06\/20.png\",\"contentUrl\":\"https:\/\/aiiro.paris\/wp-content\/uploads\/2024\/06\/20.png\",\"width\":500,\"height\":500,\"caption\":\"AiiRO\"},\"image\":{\"@id\":\"https:\/\/aiiro.paris\/#\/schema\/logo\/image\/\"}}]}<\/script>\n<!-- \/ Yoast SEO plugin. -->","yoast_head_json":{"title":"Bienvenue chez AiiRO - aiiro.paris","description":"Plongez dans une nouvelle aventure gastronomique franco-japonaise, AiiRO, centr\u00e9e autour du th\u00e9 japonais. Ce projet unique fusionne le savoir-faire, les produits du terroir et la richesse culturelle de la France et du Japon.","robots":{"index":"index","follow":"follow","max-snippet":"max-snippet:-1","max-image-preview":"max-image-preview:large","max-video-preview":"max-video-preview:-1"},"canonical":"https:\/\/aiiro.paris\/","og_locale":"fr_FR","og_type":"article","og_title":"Bienvenue chez AiiRO - aiiro.paris","og_description":"Plongez dans une nouvelle aventure gastronomique franco-japonaise, AiiRO, centr\u00e9e autour du th\u00e9 japonais. Ce projet unique fusionne le savoir-faire, les produits du terroir et la richesse culturelle de la France et du Japon.","og_url":"https:\/\/aiiro.paris\/","og_site_name":"aiiro.paris","article_modified_time":"2026-01-17T07:03:34+00:00","twitter_card":"summary_large_image","schema":{"@context":"https:\/\/schema.org","@graph":[{"@type":"WebPage","@id":"https:\/\/aiiro.paris\/","url":"https:\/\/aiiro.paris\/","name":"Bienvenue chez AiiRO - aiiro.paris","isPartOf":{"@id":"https:\/\/aiiro.paris\/#website"},"datePublished":"2024-06-09T14:24:11+00:00","dateModified":"2026-01-17T07:03:34+00:00","description":"Plongez dans une nouvelle aventure gastronomique franco-japonaise, AiiRO, centr\u00e9e autour du th\u00e9 japonais. Ce projet unique fusionne le savoir-faire, les produits du terroir et la richesse culturelle de la France et du Japon.","breadcrumb":{"@id":"https:\/\/aiiro.paris\/#breadcrumb"},"inLanguage":"fr-FR","potentialAction":[{"@type":"ReadAction","target":["https:\/\/aiiro.paris\/"]}]},{"@type":"BreadcrumbList","@id":"https:\/\/aiiro.paris\/#breadcrumb","itemListElement":[{"@type":"ListItem","position":1,"name":"Accueil","item":"https:\/\/aiiro.paris\/"},{"@type":"ListItem","position":2,"name":"Accueil"}]},{"@type":"WebSite","@id":"https:\/\/aiiro.paris\/#website","url":"https:\/\/aiiro.paris\/","name":"aiiro.paris","description":"Savourez l\u2019Alliance du Savoir-Faire Fran\u00e7ais et de la Tradition Japonaise.","publisher":{"@id":"https:\/\/aiiro.paris\/#organization"},"potentialAction":[{"@type":"SearchAction","target":{"@type":"EntryPoint","urlTemplate":"https:\/\/aiiro.paris\/?s={search_term_string}"},"query-input":"required name=search_term_string"}],"inLanguage":"fr-FR"},{"@type":"Organization","@id":"https:\/\/aiiro.paris\/#organization","name":"AiiRO","url":"https:\/\/aiiro.paris\/","logo":{"@type":"ImageObject","inLanguage":"fr-FR","@id":"https:\/\/aiiro.paris\/#\/schema\/logo\/image\/","url":"https:\/\/aiiro.paris\/wp-content\/uploads\/2024\/06\/20.png","contentUrl":"https:\/\/aiiro.paris\/wp-content\/uploads\/2024\/06\/20.png","width":500,"height":500,"caption":"AiiRO"},"image":{"@id":"https:\/\/aiiro.paris\/#\/schema\/logo\/image\/"}}]}},"_links":{"self":[{"href":"https:\/\/aiiro.paris\/index.php?rest_route=\/wp\/v2\/pages\/14"}],"collection":[{"href":"https:\/\/aiiro.paris\/index.php?rest_route=\/wp\/v2\/pages"}],"about":[{"href":"https:\/\/aiiro.paris\/index.php?rest_route=\/wp\/v2\/types\/page"}],"author":[{"embeddable":true,"href":"https:\/\/aiiro.paris\/index.php?rest_route=\/wp\/v2\/users\/1"}],"replies":[{"embeddable":true,"href":"https:\/\/aiiro.paris\/index.php?rest_route=%2Fwp%2Fv2%2Fcomments&post=14"}],"version-history":[{"count":35,"href":"https:\/\/aiiro.paris\/index.php?rest_route=\/wp\/v2\/pages\/14\/revisions"}],"predecessor-version":[{"id":310,"href":"https:\/\/aiiro.paris\/index.php?rest_route=\/wp\/v2\/pages\/14\/revisions\/310"}],"wp:attachment":[{"href":"https:\/\/aiiro.paris\/index.php?rest_route=%2Fwp%2Fv2%2Fmedia&parent=14"}],"curies":[{"name":"wp","href":"https:\/\/api.w.org\/{rel}","templated":true}]}}